{"id":108,"date":"2025-01-10T14:41:12","date_gmt":"2025-01-10T13:41:12","guid":{"rendered":"http:\/\/www.noepker-vereine.de\/SchuetzenvereinHomepage\/?page_id=108"},"modified":"2026-03-21T09:15:37","modified_gmt":"2026-03-21T08:15:37","slug":"koenige-und-koeniginnen","status":"publish","type":"page","link":"http:\/\/www.noepker-vereine.de\/SchuetzenvereinHomepage\/koenige-und-koeniginnen\/","title":{"rendered":"K\u00f6nige und K\u00f6niginnen"},"content":{"rendered":"\n<div class=\"wp-block-group\"><div class=\"wp-block-group__inner-container is-layout-constrained wp-block-group-is-layout-constrained\">\n<h2 id=\"koenige\" class=\"wp-block-heading\">K\u00f6nige<\/h2>\n\n\n<nav class=\"items-justified-center wp-block-navigation is-content-justification-center is-layout-flex wp-container-core-navigation-is-layout-16018d1d wp-block-navigation-is-layout-flex\" aria-label=\"K\u00f6nige\"><ul class=\"wp-block-navigation__container items-justified-center wp-block-navigation\"><li class=\" wp-block-navigation-item wp-block-navigation-link\"><a class=\"wp-block-navigation-item__content\"  href=\"http:\/\/www.noepker-vereine.de\/SchuetzenvereinHomepage\/schuetzenkoenige-seit-1924\/\"><span class=\"wp-block-navigation-item__label\">Sch\u00fctzenk\u00f6nige<\/span><\/a><\/li><li class=\" wp-block-navigation-item wp-block-navigation-link\"><a class=\"wp-block-navigation-item__content\"  href=\"http:\/\/www.noepker-vereine.de\/SchuetzenvereinHomepage\/winterkoenige-seit-1990\/\"><span class=\"wp-block-navigation-item__label\">Winterk\u00f6nige<\/span><\/a><\/li><li class=\" wp-block-navigation-item wp-block-navigation-link\"><a class=\"wp-block-navigation-item__content\"  href=\"http:\/\/www.noepker-vereine.de\/SchuetzenvereinHomepage\/alterskoenige-seit-2001\/\"><span class=\"wp-block-navigation-item__label\">Altersk\u00f6nige<\/span><\/a><\/li><\/ul><\/nav><\/div><\/div>\n\n\n\n<div class=\"wp-block-group\"><div class=\"wp-block-group__inner-container is-layout-constrained wp-block-group-is-layout-constrained\">\n<h2 id=\"koeniginnen\" class=\"wp-block-heading\">K\u00f6niginnen<\/h2>\n\n\n<nav class=\"items-justified-center wp-block-navigation is-content-justification-center is-layout-flex wp-container-core-navigation-is-layout-16018d1d wp-block-navigation-is-layout-flex\" aria-label=\"K\u00f6niginnen\"><ul class=\"wp-block-navigation__container items-justified-center wp-block-navigation\"><li class=\" wp-block-navigation-item wp-block-navigation-link\"><a class=\"wp-block-navigation-item__content\"  href=\"http:\/\/www.noepker-vereine.de\/SchuetzenvereinHomepage\/schuetzenkoeniginnen-seit-1974\/\"><span class=\"wp-block-navigation-item__label\">Sch\u00fctzenk\u00f6niginnen<\/span><\/a><\/li><li class=\" wp-block-navigation-item wp-block-navigation-link\"><a class=\"wp-block-navigation-item__content\"  href=\"http:\/\/www.noepker-vereine.de\/SchuetzenvereinHomepage\/winterkoeniginnen-seit-1991\/\"><span class=\"wp-block-navigation-item__label\">Winterk\u00f6niginnen<\/span><\/a><\/li><li class=\" wp-block-navigation-item wp-block-navigation-link\"><a class=\"wp-block-navigation-item__content\"  href=\"http:\/\/www.noepker-vereine.de\/SchuetzenvereinHomepage\/alterskoeniginnen-seit-2001\/\"><span class=\"wp-block-navigation-item__label\">Altersk\u00f6niginnen<\/span><\/a><\/li><\/ul><\/nav>\n\n\n<h2 id=\"kinder-und-jugend\" class=\"wp-block-heading\">Kinder und Jugend<\/h2>\n\n\n\n<p><\/p>\n<\/div><\/div>\n\n\n\n<hr class=\"wp-block-separator has-alpha-channel-opacity\"\/>\n\n\n\n<h2 id=\"schuetzenkoenige-2024\" class=\"wp-block-heading\">Sch\u00fctzenk\u00f6nige 2024<\/h2>\n\n\n\n<p>Die Sch\u00fctzenk\u00f6nige des Jahres 2024<\/p>\n\n\n\n<figure class=\"wp-block-image size-large\"><img loading=\"lazy\" decoding=\"async\" width=\"1024\" height=\"576\" src=\"http:\/\/www.noepker-vereine.de\/SchuetzenvereinHomepage\/wp-content\/uploads\/2025\/01\/DSC08905-1024x576.jpg\" alt=\"\" class=\"wp-image-149\" srcset=\"http:\/\/www.noepker-vereine.de\/SchuetzenvereinHomepage\/wp-content\/uploads\/2025\/01\/DSC08905-1024x576.jpg 1024w, http:\/\/www.noepker-vereine.de\/SchuetzenvereinHomepage\/wp-content\/uploads\/2025\/01\/DSC08905-300x169.jpg 300w, http:\/\/www.noepker-vereine.de\/SchuetzenvereinHomepage\/wp-content\/uploads\/2025\/01\/DSC08905-768x432.jpg 768w, http:\/\/www.noepker-vereine.de\/SchuetzenvereinHomepage\/wp-content\/uploads\/2025\/01\/DSC08905-1536x863.jpg 1536w, http:\/\/www.noepker-vereine.de\/SchuetzenvereinHomepage\/wp-content\/uploads\/2025\/01\/DSC08905-2048x1151.jpg 2048w\" sizes=\"auto, (max-width: 1024px) 100vw, 1024px\" \/><figcaption class=\"wp-element-caption\">Von Links:<br>(Fahnentr\u00e4ger)<br>Sven Kallweit (2. Vorsitzender)<br>Karina Woldt (Damenk\u00f6inigin)<br>Maite Noack (Begleitung Sch\u00fctzenk\u00f6nig)<br>Michael Jaster (Sch\u00fctzenk\u00f6nig)<br>Stephan Meinicke (3. Vorsitzender)<br>Ostermann (Begleitung Sch\u00fctzenk\u00f6nig)<br>Heinz-G\u00fcnter Jaster ()<br>Jupp Schomburg (Jungsch\u00fctzenk\u00f6nig)<br>()<br>Robin Laube ()<br>()<br>Hennes Meinicke (Begleitung )<br>Rabe ()<br>Arne Brinkmann (Begleitung )<br>Sven Behrmann (1. Vorsitzender)<\/figcaption><\/figure>\n\n\n\n<hr class=\"wp-block-separator has-alpha-channel-opacity\"\/>\n\n\n\n<h2 id=\"schuetzenkoenige-2023\" class=\"wp-block-heading\">Sch\u00fctzenk\u00f6nige 2023<\/h2>\n\n\n\n<p>Die Sch\u00fctzenk\u00f6nige des Jahres 2023<\/p>\n\n\n\n<figure class=\"wp-block-image size-full\"><img loading=\"lazy\" decoding=\"async\" width=\"800\" height=\"450\" src=\"http:\/\/www.noepker-vereine.de\/SchuetzenvereinHomepage\/wp-content\/uploads\/2025\/01\/shootingfestival2023.jpg\" alt=\"\" class=\"wp-image-107\" srcset=\"http:\/\/www.noepker-vereine.de\/SchuetzenvereinHomepage\/wp-content\/uploads\/2025\/01\/shootingfestival2023.jpg 800w, http:\/\/www.noepker-vereine.de\/SchuetzenvereinHomepage\/wp-content\/uploads\/2025\/01\/shootingfestival2023-300x169.jpg 300w, http:\/\/www.noepker-vereine.de\/SchuetzenvereinHomepage\/wp-content\/uploads\/2025\/01\/shootingfestival2023-768x432.jpg 768w\" sizes=\"auto, (max-width: 800px) 100vw, 800px\" \/><figcaption class=\"wp-element-caption\">Von Links:<br>Karina Woldt (Damenk\u00f6nigin)<br>Sven Kallweit (3. Vorsitzender)<br>Marlies Mehwald (Altersk\u00f6nigin)<br>Ralf Sieber (Altersk\u00f6nig)<br>Daniel Haalboom (1. Ritter)<br>Christian Umlauf (Scheibentr\u00e4ger)<br>Bernie Woldt (Minik\u00f6nig)<br>Henrike Liefer (Begleitung Sch\u00fctzenk\u00f6nig)<br>Andr\u00e9 Herder (Sch\u00fctzenk\u00f6nig)<br>Nele Adam (Jugendk\u00f6nigin, Begleitung Sch\u00fctzenk\u00f6nig)<br>Mattis Behrmann (Scheibentr\u00e4ger, Kinderk\u00f6nig)<br>M\u00e4rthe Rabe (Begleitung, Kinderk\u00f6nig)<br>Hanno Sch\u00f6newolf (Kinderk\u00f6nig)<br>Peter Homann (2. Vorsitzender)<br>Marleen Umlauf (Begleitung, Kinderk\u00f6nig)<br>Sven Behrmann (1. Vorsitzender)<br>Linus Rabe (Minik\u00f6nig)<\/figcaption><\/figure>\n\n\n\n<hr class=\"wp-block-separator has-alpha-channel-opacity\"\/>\n\n\n\n<h2 id=\"schuetzenkoenige-2022\" class=\"wp-block-heading\">Sch\u00fctzenk\u00f6nige 2022<\/h2>\n\n\n\n<p>Die Sch\u00fctzenk\u00f6nige des Jahres 2022<\/p>\n\n\n\n<figure class=\"wp-block-image size-full\"><img loading=\"lazy\" decoding=\"async\" width=\"800\" height=\"600\" src=\"http:\/\/www.noepker-vereine.de\/SchuetzenvereinHomepage\/wp-content\/uploads\/2025\/01\/shootingfestival2022.jpg\" alt=\"\" class=\"wp-image-106\" srcset=\"http:\/\/www.noepker-vereine.de\/SchuetzenvereinHomepage\/wp-content\/uploads\/2025\/01\/shootingfestival2022.jpg 800w, http:\/\/www.noepker-vereine.de\/SchuetzenvereinHomepage\/wp-content\/uploads\/2025\/01\/shootingfestival2022-300x225.jpg 300w, http:\/\/www.noepker-vereine.de\/SchuetzenvereinHomepage\/wp-content\/uploads\/2025\/01\/shootingfestival2022-768x576.jpg 768w\" sizes=\"auto, (max-width: 800px) 100vw, 800px\" \/><figcaption class=\"wp-element-caption\">Von Links:<br>Mario Woldt (1. Ritter, Scheibentr\u00e4ger)<br>Sven Kallweit (3. Vorsitzender)<br>Bernie Woldt (Minik\u00f6nig)<br>Mechthild Umlauf (Altersk\u00f6nigin)<br>Nele Adam (Jugendk\u00f6nigin)<br>Ralf Sieber (Altersk\u00f6nig)<br>Finja Dowe (Damenk\u00f6nigin)<br>Andr\u00e9 Herder (Fahnentr\u00e4ger)<br>Erika L\u00f6hr (Begleitung Sch\u00fctzenk\u00f6nig)<br>Christian Umlauf (Sch\u00fctzenk\u00f6nig)<br>Luisa Riedel (Begleitung Sch\u00fctzenk\u00f6nig)<br>Alan Woldt (Ehrenherr Kinderk\u00f6nigin)<br>Peter Homann (2. Vorsitzender)<br>Marleen Umlauf (Kinderk\u00f6nigin)<br>Hennes Meinicke (Ehrenherr Kinderk\u00f6nigin)<br>Sven Behrmann (1. Vorsitzender)<br>Robin Laube (Scheibentr\u00e4ger, Kinderk\u00f6nigin)<\/figcaption><\/figure>\n\n\n\n<hr class=\"wp-block-separator has-alpha-channel-opacity\"\/>\n\n\n\n<h2 id=\"schuetzenkoenige-2020-2021\" class=\"wp-block-heading\">Sch\u00fctzenk\u00f6nige 2020 \/ 2021<\/h2>\n\n\n\n<p>2020 und 2021 wurde aufgrund der Coronaviruspandemie kein Sch\u00fctzenfest gefeiert.<\/p>\n\n\n\n<hr class=\"wp-block-separator has-alpha-channel-opacity\"\/>\n\n\n\n<h2 id=\"schuetzenkoenige-2019\" class=\"wp-block-heading\">Sch\u00fctzenk\u00f6nige 2019<\/h2>\n\n\n\n<p>Die Sch\u00fctzenk\u00f6nige des Jahres 2019<\/p>\n\n\n\n<figure class=\"wp-block-image size-full\"><img loading=\"lazy\" decoding=\"async\" width=\"800\" height=\"423\" src=\"http:\/\/www.noepker-vereine.de\/SchuetzenvereinHomepage\/wp-content\/uploads\/2025\/01\/shootingfestival2019.jpg\" alt=\"\" class=\"wp-image-105\" srcset=\"http:\/\/www.noepker-vereine.de\/SchuetzenvereinHomepage\/wp-content\/uploads\/2025\/01\/shootingfestival2019.jpg 800w, http:\/\/www.noepker-vereine.de\/SchuetzenvereinHomepage\/wp-content\/uploads\/2025\/01\/shootingfestival2019-300x159.jpg 300w, http:\/\/www.noepker-vereine.de\/SchuetzenvereinHomepage\/wp-content\/uploads\/2025\/01\/shootingfestival2019-768x406.jpg 768w\" sizes=\"auto, (max-width: 800px) 100vw, 800px\" \/><figcaption class=\"wp-element-caption\">Von Links:<br>Luis Muche<br>Alan John Woldt (Minik\u00f6nig)<br>Sven Behrmann (1. Vorsitzender)<br>Nils Brinkmann (Begleitung der Kinderk\u00f6nigin)<br>Joline Umlauf (Kinderk\u00f6nigin)<br>Heino Scharnhorst (Fahnentr\u00e4ger)<br>Robert Hedwig (Begleitung der Kinderk\u00f6nigin)<br>Falko Wolf (1. Ritter)<br>Dana Laube (Begleitung Sch\u00fctzenk\u00f6nig<br>Detlev Sticke (Sch\u00fctzenk\u00f6nig)<br>Finja Dowe (Jugendk\u00f6nigin)<br>Marlies Kirchhoff (Altersk\u00f6nigin)<br>Annedore Knop (Damenk\u00f6nigin)<br>Ralf Sieber (Altersk\u00f6nig)<\/figcaption><\/figure>\n\n\n\n<hr class=\"wp-block-separator has-alpha-channel-opacity\"\/>\n\n\n\n<h2 id=\"schuetzenkoenige-2018\" class=\"wp-block-heading\">Sch\u00fctzenk\u00f6nige 2018<\/h2>\n\n\n\n<p>Die Sch\u00fctzenk\u00f6nige des Jahres 2018<\/p>\n\n\n\n<figure class=\"wp-block-image size-full\"><img loading=\"lazy\" decoding=\"async\" width=\"800\" height=\"536\" src=\"http:\/\/www.noepker-vereine.de\/SchuetzenvereinHomepage\/wp-content\/uploads\/2025\/01\/shootingfestival2018.jpg\" alt=\"\" class=\"wp-image-104\" srcset=\"http:\/\/www.noepker-vereine.de\/SchuetzenvereinHomepage\/wp-content\/uploads\/2025\/01\/shootingfestival2018.jpg 800w, http:\/\/www.noepker-vereine.de\/SchuetzenvereinHomepage\/wp-content\/uploads\/2025\/01\/shootingfestival2018-300x201.jpg 300w, http:\/\/www.noepker-vereine.de\/SchuetzenvereinHomepage\/wp-content\/uploads\/2025\/01\/shootingfestival2018-768x515.jpg 768w\" sizes=\"auto, (max-width: 800px) 100vw, 800px\" \/><figcaption class=\"wp-element-caption\">von Links: Falko Wolf (Fahnentr\u00e4ger)<br>von Links: Daniel Haalboom (Sch\u00fctzenk\u00f6nig)<br>von Links: Christian Bremer (Sch\u00fctzenk\u00f6nig 2017)<br>von Rechts: Ida Schomburg (Jugendk\u00f6nigin)<br>von Rechts: Julia Kallweit (Sch\u00fctzenk\u00f6nigin)<br>von Rechts: Jupp Schomburg (Jugenleiterpokal)<br>von Rechts: Luisa Riedel (Kinderk\u00f6nigin)<\/figcaption><\/figure>\n\n\n\n<hr class=\"wp-block-separator has-alpha-channel-opacity\"\/>\n\n\n\n<h2 id=\"schuetzenkoenige-2014\" class=\"wp-block-heading\">Sch\u00fctzenk\u00f6nige 2014<\/h2>\n\n\n\n<p>Die Sch\u00fctzenk\u00f6nige des Jahres 2014<\/p>\n\n\n\n<figure class=\"wp-block-image size-full\"><img loading=\"lazy\" decoding=\"async\" width=\"900\" height=\"602\" src=\"http:\/\/www.noepker-vereine.de\/SchuetzenvereinHomepage\/wp-content\/uploads\/2025\/01\/schuetzenfest2014.jpg\" alt=\"\" class=\"wp-image-103\" srcset=\"http:\/\/www.noepker-vereine.de\/SchuetzenvereinHomepage\/wp-content\/uploads\/2025\/01\/schuetzenfest2014.jpg 900w, http:\/\/www.noepker-vereine.de\/SchuetzenvereinHomepage\/wp-content\/uploads\/2025\/01\/schuetzenfest2014-300x201.jpg 300w, http:\/\/www.noepker-vereine.de\/SchuetzenvereinHomepage\/wp-content\/uploads\/2025\/01\/schuetzenfest2014-768x514.jpg 768w\" sizes=\"auto, (max-width: 900px) 100vw, 900px\" \/><\/figure>\n\n\n\n<p><\/p>\n","protected":false},"excerpt":{"rendered":"<p>K\u00f6nige K\u00f6niginnen Kinder und Jugend Sch\u00fctzenk\u00f6nige 2024 Die Sch\u00fctzenk\u00f6nige des Jahres 2024 Sch\u00fctzenk\u00f6nige 2023 Die Sch\u00fctzenk\u00f6nige des Jahres 2023 Sch\u00fctzenk\u00f6nige 2022 Die Sch\u00fctzenk\u00f6nige des Jahres 2022 Sch\u00fctzenk\u00f6nige 2020 \/ 2021 2020 und 2021 wurde aufgrund der Coronaviruspandemie kein Sch\u00fctzenfest gefeiert. &hellip; <a href=\"http:\/\/www.noepker-vereine.de\/SchuetzenvereinHomepage\/koenige-und-koeniginnen\/\">Weiterlesen <span class=\"meta-nav\">&rarr;<\/span><\/a><\/p>\n","protected":false},"author":1,"featured_media":0,"parent":0,"menu_order":100,"comment_status":"closed","ping_status":"closed","template":"","meta":{"footnotes":""},"class_list":["post-108","page","type-page","status-publish","hentry"],"_links":{"self":[{"href":"http:\/\/www.noepker-vereine.de\/SchuetzenvereinHomepage\/wp-json\/wp\/v2\/pages\/108","targetHints":{"allow":["GET"]}}],"collection":[{"href":"http:\/\/www.noepker-vereine.de\/SchuetzenvereinHomepage\/wp-json\/wp\/v2\/pages"}],"about":[{"href":"http:\/\/www.noepker-vereine.de\/SchuetzenvereinHomepage\/wp-json\/wp\/v2\/types\/page"}],"author":[{"embeddable":true,"href":"http:\/\/www.noepker-vereine.de\/SchuetzenvereinHomepage\/wp-json\/wp\/v2\/users\/1"}],"replies":[{"embeddable":true,"href":"http:\/\/www.noepker-vereine.de\/SchuetzenvereinHomepage\/wp-json\/wp\/v2\/comments?post=108"}],"version-history":[{"count":5,"href":"http:\/\/www.noepker-vereine.de\/SchuetzenvereinHomepage\/wp-json\/wp\/v2\/pages\/108\/revisions"}],"predecessor-version":[{"id":159,"href":"http:\/\/www.noepker-vereine.de\/SchuetzenvereinHomepage\/wp-json\/wp\/v2\/pages\/108\/revisions\/159"}],"wp:attachment":[{"href":"http:\/\/www.noepker-vereine.de\/SchuetzenvereinHomepage\/wp-json\/wp\/v2\/media?parent=108"}],"curies":[{"name":"wp","href":"https:\/\/api.w.org\/{rel}","templated":true}]}}